{"id":8067,"date":"2022-10-18T09:11:50","date_gmt":"2022-10-18T09:11:50","guid":{"rendered":"http:\/\/apartments-innsbruck.com\/?page_id=8067"},"modified":"2023-11-29T14:35:46","modified_gmt":"2023-11-29T14:35:46","slug":"agb","status":"publish","type":"page","link":"https:\/\/apartments-innsbruck.com\/en\/agb\/","title":{"rendered":"AGB"},"content":{"rendered":"\t\t<div data-elementor-type=\"wp-page\" data-elementor-id=\"8067\" class=\"elementor elementor-8067\" data-elementor-post-type=\"page\">\n\t\t\t\t\t\t<section class=\"elementor-section elementor-top-section elementor-element elementor-element-36b5d83 elementor-section-boxed elementor-section-height-default elementor-section-height-default mkdf-parallax-row-no mkdf-content-aligment-left mkdf-row-grid-no\" data-id=\"36b5d83\" data-element_type=\"section\" data-e-type=\"section\">\n\t\t\t\t\t\t<div class=\"elementor-container elementor-column-gap-default\">\n\t\t\t\t\t<div class=\"elementor-column elementor-col-100 elementor-top-column elementor-element elementor-element-c820a9c\" data-id=\"c820a9c\" data-element_type=\"column\" data-e-type=\"column\">\n\t\t\t<div class=\"elementor-widget-wrap\">\n\t\t\t\t\t\t\t<\/div>\n\t\t<\/div>\n\t\t\t\t\t<\/div>\n\t\t<\/section>\n\t\t\t\t<section class=\"elementor-section elementor-top-section elementor-element elementor-element-84b90d9 elementor-section-content-space-around elementor-section-stretched elementor-section-boxed elementor-section-height-default elementor-section-height-default mkdf-parallax-row-no mkdf-content-aligment-left mkdf-row-grid-no\" data-id=\"84b90d9\" data-element_type=\"section\" data-e-type=\"section\" data-settings=\"{&quot;background_background&quot;:&quot;slideshow&quot;,&quot;background_slideshow_gallery&quot;:[{&quot;id&quot;:7596,&quot;url&quot;:&quot;http:\\\/\\\/apartments-innsbruck.com\\\/wp-content\\\/uploads\\\/2022\\\/10\\\/Andreas-Hofer-Strasse_Innsbruck_Winter09.jpg&quot;}],&quot;background_slideshow_slide_duration&quot;:6000,&quot;background_slideshow_transition_duration&quot;:2500,&quot;background_slideshow_ken_burns&quot;:&quot;yes&quot;,&quot;stretch_section&quot;:&quot;section-stretched&quot;,&quot;background_slideshow_loop&quot;:&quot;yes&quot;,&quot;background_slideshow_slide_transition&quot;:&quot;fade&quot;,&quot;background_slideshow_ken_burns_zoom_direction&quot;:&quot;in&quot;}\">\n\t\t\t\t\t\t\t<div class=\"elementor-background-overlay\"><\/div>\n\t\t\t\t\t\t\t<div class=\"elementor-container elementor-column-gap-default\">\n\t\t\t\t\t<div class=\"elementor-column elementor-col-100 elementor-top-column elementor-element elementor-element-82deb1d\" data-id=\"82deb1d\" data-element_type=\"column\" data-e-type=\"column\">\n\t\t\t<div class=\"elementor-widget-wrap elementor-element-populated\">\n\t\t\t\t\t\t<div class=\"elementor-element elementor-element-09b0881 elementor-widget elementor-widget-spacer\" data-id=\"09b0881\" data-element_type=\"widget\" data-e-type=\"widget\" data-widget_type=\"spacer.default\">\n\t\t\t\t<div class=\"elementor-widget-container\">\n\t\t\t\t\t\t\t<div class=\"elementor-spacer\">\n\t\t\t<div class=\"elementor-spacer-inner\"><\/div>\n\t\t<\/div>\n\t\t\t\t\t\t<\/div>\n\t\t\t\t<\/div>\n\t\t\t\t<div class=\"elementor-element elementor-element-4fc9cd8 elementor-widget elementor-widget-spacer\" data-id=\"4fc9cd8\" data-element_type=\"widget\" data-e-type=\"widget\" data-widget_type=\"spacer.default\">\n\t\t\t\t<div class=\"elementor-widget-container\">\n\t\t\t\t\t\t\t<div class=\"elementor-spacer\">\n\t\t\t<div class=\"elementor-spacer-inner\"><\/div>\n\t\t<\/div>\n\t\t\t\t\t\t<\/div>\n\t\t\t\t<\/div>\n\t\t\t\t<div class=\"elementor-element elementor-element-acdc37d elementor-widget elementor-widget-heading\" data-id=\"acdc37d\" data-element_type=\"widget\" data-e-type=\"widget\" data-widget_type=\"heading.default\">\n\t\t\t\t<div class=\"elementor-widget-container\">\n\t\t\t\t\t<h1 class=\"elementor-heading-title elementor-size-default\">AGB<\/h1>\t\t\t\t<\/div>\n\t\t\t\t<\/div>\n\t\t\t\t<div class=\"elementor-element elementor-element-917412e elementor-widget elementor-widget-spacer\" data-id=\"917412e\" data-element_type=\"widget\" data-e-type=\"widget\" data-widget_type=\"spacer.default\">\n\t\t\t\t<div class=\"elementor-widget-container\">\n\t\t\t\t\t\t\t<div class=\"elementor-spacer\">\n\t\t\t<div class=\"elementor-spacer-inner\"><\/div>\n\t\t<\/div>\n\t\t\t\t\t\t<\/div>\n\t\t\t\t<\/div>\n\t\t\t\t\t<\/div>\n\t\t<\/div>\n\t\t\t\t\t<\/div>\n\t\t<\/section>\n\t\t\t\t<section class=\"elementor-section elementor-top-section elementor-element elementor-element-6e3f6a3 elementor-section-boxed elementor-section-height-default elementor-section-height-default mkdf-parallax-row-no mkdf-content-aligment-left mkdf-row-grid-no\" data-id=\"6e3f6a3\" data-element_type=\"section\" data-e-type=\"section\">\n\t\t\t\t\t\t<div class=\"elementor-container elementor-column-gap-default\">\n\t\t\t\t\t<div class=\"elementor-column elementor-col-100 elementor-top-column elementor-element elementor-element-07af8e1\" data-id=\"07af8e1\" data-element_type=\"column\" data-e-type=\"column\">\n\t\t\t<div class=\"elementor-widget-wrap elementor-element-populated\">\n\t\t\t\t\t\t<div class=\"elementor-element elementor-element-cc73ff4 elementor-widget elementor-widget-spacer\" data-id=\"cc73ff4\" data-element_type=\"widget\" data-e-type=\"widget\" data-widget_type=\"spacer.default\">\n\t\t\t\t<div class=\"elementor-widget-container\">\n\t\t\t\t\t\t\t<div class=\"elementor-spacer\">\n\t\t\t<div class=\"elementor-spacer-inner\"><\/div>\n\t\t<\/div>\n\t\t\t\t\t\t<\/div>\n\t\t\t\t<\/div>\n\t\t\t\t<div class=\"elementor-element elementor-element-eaa5604 elementor-widget elementor-widget-text-editor\" data-id=\"eaa5604\" data-element_type=\"widget\" data-e-type=\"widget\" data-widget_type=\"text-editor.default\">\n\t\t\t\t<div class=\"elementor-widget-container\">\n\t\t\t\t\t\t\t\t\t<p><span style=\"color: var( --e-global-color-primary ); font-family: Lato, sans-serif; font-size: 25px; font-weight: bold; letter-spacing: 0.2em; text-transform: uppercase;\">Apartments im Herzen von Innsbruck \u2013 AGBs<\/span><\/p><p><strong>Stornobedingungen: R\u00fccktritt vom Beherbergungsvertrag<\/strong><\/p><p>1) Bis sp\u00e4testens drei Monate vor dem vereinbarten Ankunftstag des Gastes kann der Beherbergungsvertrag ohne Entrichtung einer Stornogeb\u00fchr von beiden Vertragspartnern durch einseitige Erkl\u00e4rung aufgel\u00f6st werden. Die Stornoerkl\u00e4rung muss bis sp\u00e4testens drei Monate vor dem vereinbarten Ankunftstag des Gastes in den H\u00e4nden des Vertragspartners sein.<\/p><p>2) Bis sp\u00e4testens einen Monat vor dem vereinbarten Ankunftstag des Gastes kann der Beherbergungsvertrag von beiden Vertragspartnern durch einseitige Erkl\u00e4rung aufgel\u00f6st werden, es ist jedoch eine Stornogeb\u00fchr im Ausma\u00df des Zimmerpreises f\u00fcr drei Tage zu bezahlen. Die Stornoerkl\u00e4rung muss bis sp\u00e4testens einen Monat vor dem vereinbarten Ankunftstag des Gastes in den H\u00e4nden des Vertragspartners sein.<\/p><p>3) Der Beherberger hat das Recht, f\u00fcr den Fall, dass der Gast bis 18 Uhr des vereinbarten Ankunftstages nicht erscheint, vom Vertrag zur\u00fcckzutreten, es sei denn, dass ein sp\u00e4terer Ankunftszeitpunkt vereinbart wurde.<\/p><p>4) Hat der Gast eine Anzahlung geleistet, so bleibt (bleiben) dagegen der Raum (die R\u00e4ume) bis sp\u00e4testens 12 Uhr des folgenden Tages reserviert.<\/p><p>5) Auch wenn der Gast die bestellten R\u00e4ume bzw. die Pensionsleistung nicht in Anspruch nimmt, ist er dem Beherberger gegen\u00fcber zur Bezahlung des vereinbarten Entgeltes verpflichtet. Der Beherberger muss jedoch in Abzug bringen, was er sich infolge Nichtbeanspruchung seines Leistungsangebotes erspart oder was er durch anderweitige Vermietung der bestellten R\u00e4ume erhalten hat. Bis 3 Monate vor Absage fallen keine Stornogeb\u00fchren an, bis 1 Monat vor dem Ankunftstag 40 %, bis 1 Woche vor dem Ankunftstag 70 % und in der letzten Woche vor dem Ankunftstag 90 % vom gesamten Arrangementpreis.<\/p><p>6) Dem Beherberger obliegt es, sich um eine anderweitige Vermietung der nicht in Anspruch genommenen R\u00e4ume den Umst\u00e4nden entsprechend zu bem\u00fchen (4 1107 ABGB).<\/p>\t\t\t\t\t\t\t\t<\/div>\n\t\t\t\t<\/div>\n\t\t\t\t<div class=\"elementor-element elementor-element-a8769ad elementor-widget elementor-widget-spacer\" data-id=\"a8769ad\" data-element_type=\"widget\" data-e-type=\"widget\" data-widget_type=\"spacer.default\">\n\t\t\t\t<div class=\"elementor-widget-container\">\n\t\t\t\t\t\t\t<div class=\"elementor-spacer\">\n\t\t\t<div class=\"elementor-spacer-inner\"><\/div>\n\t\t<\/div>\n\t\t\t\t\t\t<\/div>\n\t\t\t\t<\/div>\n\t\t\t\t\t<\/div>\n\t\t<\/div>\n\t\t\t\t\t<\/div>\n\t\t<\/section>\n\t\t\t\t<section class=\"elementor-section elementor-top-section elementor-element elementor-element-a178867 elementor-section-boxed elementor-section-height-default elementor-section-height-default mkdf-parallax-row-no mkdf-content-aligment-left mkdf-row-grid-no\" data-id=\"a178867\" data-element_type=\"section\" data-e-type=\"section\" data-settings=\"{&quot;background_background&quot;:&quot;classic&quot;}\">\n\t\t\t\t\t\t<div class=\"elementor-container elementor-column-gap-default\">\n\t\t\t\t\t<div class=\"elementor-column elementor-col-100 elementor-top-column elementor-element elementor-element-863404c\" data-id=\"863404c\" data-element_type=\"column\" data-e-type=\"column\">\n\t\t\t<div class=\"elementor-widget-wrap elementor-element-populated\">\n\t\t\t\t\t\t<div class=\"elementor-element elementor-element-fc9335b elementor-widget elementor-widget-spacer\" data-id=\"fc9335b\" data-element_type=\"widget\" data-e-type=\"widget\" data-widget_type=\"spacer.default\">\n\t\t\t\t<div class=\"elementor-widget-container\">\n\t\t\t\t\t\t\t<div class=\"elementor-spacer\">\n\t\t\t<div class=\"elementor-spacer-inner\"><\/div>\n\t\t<\/div>\n\t\t\t\t\t\t<\/div>\n\t\t\t\t<\/div>\n\t\t\t\t<section class=\"elementor-section elementor-inner-section elementor-element elementor-element-d98c3b4 elementor-section-boxed elementor-section-height-default elementor-section-height-default mkdf-parallax-row-no mkdf-content-aligment-left mkdf-row-grid-no\" data-id=\"d98c3b4\" data-element_type=\"section\" data-e-type=\"section\">\n\t\t\t\t\t\t<div class=\"elementor-container elementor-column-gap-default\">\n\t\t\t\t\t<div class=\"elementor-column elementor-col-50 elementor-inner-column elementor-element elementor-element-5b3c5af\" data-id=\"5b3c5af\" data-element_type=\"column\" data-e-type=\"column\">\n\t\t\t<div class=\"elementor-widget-wrap elementor-element-populated\">\n\t\t\t\t\t\t<div class=\"elementor-element elementor-element-3adc277 elementor-widget elementor-widget-heading\" data-id=\"3adc277\" data-element_type=\"widget\" data-e-type=\"widget\" data-widget_type=\"heading.default\">\n\t\t\t\t<div class=\"elementor-widget-container\">\n\t\t\t\t\t<span class=\"elementor-heading-title elementor-size-default\"><h4 data-elementor-setting-key=\"title\" data-pen-placeholder=\"Eingabe hier...\" style=\"text-align: left\"><\/h4><b><font color=\"#e4bb7d\" face=\"Lato, sans-serif\"><span style=\"font-size: 25px;letter-spacing: 5px;text-transform: uppercase\">Adresse &amp; Kontakt<\/span><\/font><\/b><br>Innstra\u00dfe 40, 6020 Innsbruck, \u00d6sterreich<br><span>Tel. +43 676 3719750<\/span><br><span>booking@3sd.at<\/span><br>\n<\/span>\t\t\t\t<\/div>\n\t\t\t\t<\/div>\n\t\t\t\t\t<\/div>\n\t\t<\/div>\n\t\t\t\t<div class=\"elementor-column elementor-col-50 elementor-inner-column elementor-element elementor-element-7626942\" data-id=\"7626942\" data-element_type=\"column\" data-e-type=\"column\">\n\t\t\t<div class=\"elementor-widget-wrap elementor-element-populated\">\n\t\t\t\t\t\t<div class=\"elementor-element elementor-element-0fd3568 elementor-widget elementor-widget-heading\" data-id=\"0fd3568\" data-element_type=\"widget\" data-e-type=\"widget\" data-widget_type=\"heading.default\">\n\t\t\t\t<div class=\"elementor-widget-container\">\n\t\t\t\t\t<span class=\"elementor-heading-title elementor-size-default\"><h4 data-elementor-setting-key=\"title\" data-pen-placeholder=\"Eingabe hier...\" style=\"text-align: left\"><\/h4><b><font color=\"#e4bb7d\" face=\"Lato, sans-serif\"><span style=\"font-size: 25px;letter-spacing: 5px;text-transform: uppercase\">Innsbruck card<\/span><\/font><\/b><br>24 Stunden: \u20ac 43,00 \/ \u20ac 21,50*<br>48 Stunden: \u20ac 50,00 \/ \u20ac 25,00*\n<br>72 Stunden: \u20ac 59,00 \/ \u20ac 29,50*<br><br>*Kinder 6-15 Jahre\n<\/span>\t\t\t\t<\/div>\n\t\t\t\t<\/div>\n\t\t\t\t\t<\/div>\n\t\t<\/div>\n\t\t\t\t\t<\/div>\n\t\t<\/section>\n\t\t\t\t<div class=\"elementor-element elementor-element-5160da5 elementor-widget elementor-widget-spacer\" data-id=\"5160da5\" data-element_type=\"widget\" data-e-type=\"widget\" data-widget_type=\"spacer.default\">\n\t\t\t\t<div class=\"elementor-widget-container\">\n\t\t\t\t\t\t\t<div class=\"elementor-spacer\">\n\t\t\t<div class=\"elementor-spacer-inner\"><\/div>\n\t\t<\/div>\n\t\t\t\t\t\t<\/div>\n\t\t\t\t<\/div>\n\t\t\t\t<div class=\"elementor-element elementor-element-b4c2f9d elementor-widget elementor-widget-image\" data-id=\"b4c2f9d\" data-element_type=\"widget\" data-e-type=\"widget\" data-widget_type=\"image.default\">\n\t\t\t\t<div class=\"elementor-widget-container\">\n\t\t\t\t\t\t\t\t\t\t\t\t\t\t\t\t<a href=\"https:\/\/discover.tirol\/\">\n\t\t\t\t\t\t\t<img decoding=\"async\" src=\"https:\/\/apartments-innsbruck.com\/wp-content\/uploads\/elementor\/thumbs\/FavIcon-qg2tct7acet2zyn0bxdk1l7te58ynua3kufdxm0kms.png\" title=\"FavIcon\" alt=\"FavIcon\" loading=\"lazy\" \/>\t\t\t\t\t\t\t\t<\/a>\n\t\t\t\t\t\t\t\t\t\t\t\t\t\t\t<\/div>\n\t\t\t\t<\/div>\n\t\t\t\t<div class=\"elementor-element elementor-element-d9ed6e7 elementor-widget elementor-widget-text-editor\" data-id=\"d9ed6e7\" data-element_type=\"widget\" data-e-type=\"widget\" data-widget_type=\"text-editor.default\">\n\t\t\t\t<div class=\"elementor-widget-container\">\n\t\t\t\t\t\t\t\t\t<p><a href=\"https:\/\/discover.tirol\/\">Tirol entdecken<\/a><\/p>\t\t\t\t\t\t\t\t<\/div>\n\t\t\t\t<\/div>\n\t\t\t\t\t<\/div>\n\t\t<\/div>\n\t\t\t\t\t<\/div>\n\t\t<\/section>\n\t\t\t\t<section class=\"elementor-section elementor-top-section elementor-element elementor-element-d56f816 elementor-section-boxed elementor-section-height-default elementor-section-height-default mkdf-parallax-row-no mkdf-content-aligment-left mkdf-row-grid-no\" data-id=\"d56f816\" data-element_type=\"section\" data-e-type=\"section\" data-settings=\"{&quot;background_background&quot;:&quot;classic&quot;}\">\n\t\t\t\t\t\t<div class=\"elementor-container elementor-column-gap-default\">\n\t\t\t\t\t<div class=\"elementor-column elementor-col-100 elementor-top-column elementor-element elementor-element-a74f571\" data-id=\"a74f571\" data-element_type=\"column\" data-e-type=\"column\">\n\t\t\t<div class=\"elementor-widget-wrap elementor-element-populated\">\n\t\t\t\t\t\t<div class=\"elementor-element elementor-element-e9b6453 elementor-widget elementor-widget-text-editor\" data-id=\"e9b6453\" data-element_type=\"widget\" data-e-type=\"widget\" data-widget_type=\"text-editor.default\">\n\t\t\t\t<div class=\"elementor-widget-container\">\n\t\t\t\t\t\t\t\t\t<p><a href=\"http:\/\/apartments-innsbruck.com\/agb\/\">AGB<\/a> \u2022 <a href=\"http:\/\/apartments-innsbruck.com\/datenschutz\/\">DSGVO<\/a> \u2022 <a href=\"http:\/\/apartments-innsbruck.com\/impressum\/\">Impressum<\/a><\/p>\t\t\t\t\t\t\t\t<\/div>\n\t\t\t\t<\/div>\n\t\t\t\t\t<\/div>\n\t\t<\/div>\n\t\t\t\t\t<\/div>\n\t\t<\/section>\n\t\t\t\t<\/div>\n\t\t","protected":false},"excerpt":{"rendered":"<p>AGB Apartments im Herzen von Innsbruck \u2013 AGBs Stornobedingungen: R\u00fccktritt vom Beherbergungsvertrag 1) Bis sp\u00e4testens drei Monate vor dem vereinbarten Ankunftstag des Gastes kann der Beherbergungsvertrag ohne Entrichtung einer Stornogeb\u00fchr von beiden Vertragspartnern durch einseitige Erkl\u00e4rung aufgel\u00f6st werden. Die Stornoerkl\u00e4rung [&hellip;]<\/p>\n","protected":false},"author":1,"featured_media":0,"parent":0,"menu_order":0,"comment_status":"closed","ping_status":"closed","template":"full-width.php","meta":{"_seopress_robots_primary_cat":"","_seopress_titles_title":"","_seopress_titles_desc":"Stornobedingungen: R\u00fccktritt vom Beherbergungsvertrag","_seopress_robots_index":"","iawp_total_views":34,"footnotes":""},"class_list":["post-8067","page","type-page","status-publish","hentry"],"_links":{"self":[{"href":"https:\/\/apartments-innsbruck.com\/en\/wp-json\/wp\/v2\/pages\/8067","targetHints":{"allow":["GET"]}}],"collection":[{"href":"https:\/\/apartments-innsbruck.com\/en\/wp-json\/wp\/v2\/pages"}],"about":[{"href":"https:\/\/apartments-innsbruck.com\/en\/wp-json\/wp\/v2\/types\/page"}],"author":[{"embeddable":true,"href":"https:\/\/apartments-innsbruck.com\/en\/wp-json\/wp\/v2\/users\/1"}],"replies":[{"embeddable":true,"href":"https:\/\/apartments-innsbruck.com\/en\/wp-json\/wp\/v2\/comments?post=8067"}],"version-history":[{"count":25,"href":"https:\/\/apartments-innsbruck.com\/en\/wp-json\/wp\/v2\/pages\/8067\/revisions"}],"predecessor-version":[{"id":8861,"href":"https:\/\/apartments-innsbruck.com\/en\/wp-json\/wp\/v2\/pages\/8067\/revisions\/8861"}],"wp:attachment":[{"href":"https:\/\/apartments-innsbruck.com\/en\/wp-json\/wp\/v2\/media?parent=8067"}],"curies":[{"name":"wp","href":"https:\/\/api.w.org\/{rel}","templated":true}]}}